{"id":195,"date":"2024-06-04T10:07:51","date_gmt":"2024-06-04T10:07:51","guid":{"rendered":"http:\/\/2024.bossajazzfestival.com\/?page_id=195"},"modified":"2024-06-05T04:45:58","modified_gmt":"2024-06-05T04:45:58","slug":"info-venues","status":"publish","type":"page","link":"https:\/\/2024.bossajazzfestival.com\/?page_id=195","title":{"rendered":"Info Venues"},"content":{"rendered":"\n<div class=\"wp-block-group alignfull has-global-padding is-layout-constrained wp-container-core-group-is-layout-490fa1db wp-block-group-is-layout-constrained\" style=\"padding-top:var(--wp--preset--spacing--50);padding-right:var(--wp--preset--spacing--50);padding-bottom:var(--wp--preset--spacing--50);padding-left:var(--wp--preset--spacing--50)\">\n<div class=\"wp-block-group has-global-padding is-layout-constrained wp-container-core-group-is-layout-650790e1 wp-block-group-is-layout-constrained\">\n<h1 class=\"wp-block-heading has-text-align-center has-x-large-font-size\">ABOUT THE VENUES<\/h1>\n\n\n\n<div style=\"height:1.25rem\" aria-hidden=\"true\" class=\"wp-block-spacer\"><\/div>\n\n\n\n<p class=\"has-text-align-center\"><strong>PARGAS<\/strong> 03.08.2024 <strong>BOSSAJAZZFESTIVAL<\/strong> in PIUG KULTURSAL, Skolm\u00e4stargatan 5, 21600<\/p>\n\n\n\n<figure class=\"wp-block-image size-full is-resized\"><img loading=\"lazy\" decoding=\"async\" width=\"297\" height=\"160\" src=\"http:\/\/2024.bossajazzfestival.com\/wp-content\/uploads\/2024\/06\/image-12.png\" alt=\"\" class=\"wp-image-210\" style=\"width:569px;height:auto\"\/><\/figure>\n\n\n\n<div style=\"height:100px\" aria-hidden=\"true\" class=\"wp-block-spacer\"><\/div>\n\n\n\n<p class=\"has-text-align-center\"><strong>TURKU<\/strong> 04.8.2024 <strong>BOSSAJAZZBRUNCH<\/strong> in RESTAURANT RANTAKERTTU, L\u00e4ntinen Rantakatu 55, 20100<\/p>\n\n\n\n<div style=\"height:1.25rem\" aria-hidden=\"true\" class=\"wp-block-spacer\"><\/div>\n<\/div>\n\n\n\n<figure class=\"wp-block-image size-full\"><img loading=\"lazy\" decoding=\"async\" width=\"640\" height=\"640\" src=\"http:\/\/2024.bossajazzfestival.com\/wp-content\/uploads\/2024\/06\/image-9.png\" alt=\"\" class=\"wp-image-205\" srcset=\"https:\/\/2024.bossajazzfestival.com\/wp-content\/uploads\/2024\/06\/image-9.png 640w, https:\/\/2024.bossajazzfestival.com\/wp-content\/uploads\/2024\/06\/image-9-300x300.png 300w, https:\/\/2024.bossajazzfestival.com\/wp-content\/uploads\/2024\/06\/image-9-150x150.png 150w\" sizes=\"auto, (max-width: 640px) 100vw, 640px\" \/><\/figure>\n\n\n\n<div style=\"height:var(--wp--preset--spacing--30)\" aria-hidden=\"true\" class=\"wp-block-spacer\"><\/div>\n<\/div>\n\n\n\n<div class=\"wp-block-group alignfull has-base-2-background-color has-background has-global-padding is-layout-constrained wp-container-core-group-is-layout-669513ed wp-block-group-is-layout-constrained\" style=\"margin-top:0;margin-bottom:0;padding-top:var(--wp--preset--spacing--50);padding-right:var(--wp--preset--spacing--50);padding-bottom:var(--wp--preset--spacing--50);padding-left:var(--wp--preset--spacing--50)\">\n<div class=\"wp-block-group is-vertical is-content-justification-center is-layout-flex wp-container-core-group-is-layout-52b864f0 wp-block-group-is-layout-flex\">\n<h2 class=\"wp-block-heading has-text-align-center is-style-asterisk\">How to get there:<\/h2>\n\n\n\n<div style=\"height:20px\" aria-hidden=\"true\" class=\"wp-block-spacer wp-container-content-62aae154\"><\/div>\n\n\n\n<p class=\"has-text-align-center\">\u00c5BO\/PARGAS\/\u00c5BO BUS 801 <\/p>\n\n\n\n<p class=\"has-text-align-center\"><a href=\"https:\/\/maps.app.goo.gl\/J4JGoGUzwjekTBqMA\">https:\/\/maps.app.goo.gl\/J4JGoGUzwjekTBqMA<\/a><\/p>\n\n\n\n<div style=\"height:0px\" aria-hidden=\"true\" class=\"wp-block-spacer wp-container-content-6388d5dc\"><\/div>\n\n\n\n<p class=\"has-text-align-center\">\u00c5BO\/PARGAS\/\u00c5BO BY CAR ROUTE 180<\/p>\n\n\n\n<p><a href=\"https:\/\/maps.app.goo.gl\/nfkH16MCgqcb1EKv6\">https:\/\/maps.app.goo.gl\/nfkH16MCgqcb1EKv6<\/a><\/p>\n<\/div>\n\n\n\n<div style=\"height:24px\" aria-hidden=\"true\" class=\"wp-block-spacer\"><\/div>\n\n\n\n<div class=\"wp-block-columns alignwide is-layout-flex wp-container-core-columns-is-layout-d0bbbce0 wp-block-columns-is-layout-flex\">\n<div class=\"wp-block-column is-layout-flow wp-container-core-column-is-layout-e3d1c41b wp-block-column-is-layout-flow\">\n<h3 class=\"wp-block-heading has-text-align-center is-style-asterisk has-body-font-family has-medium-font-size\" style=\"font-style:normal;font-weight:600\">PIUG KULTURSAL PARGAS<\/h3>\n\n\n\n<p class=\"has-text-align-center\">\u00c5BO\/PARGAS\/\u00c5BO BUS 801<\/p>\n\n\n\n<p class=\"has-text-align-center\"><a href=\"https:\/\/maps.app.goo.gl\/J4JGoGUzwjekTBqMA\">https:\/\/maps.app.goo.gl\/J4JGoGUzwjekTBqMA<\/a><\/p>\n\n\n\n<p class=\"has-text-align-center\">\u00c5BO\/PARGAS\/\u00c5BO BY CAR ROUTE 180<\/p>\n\n\n\n<p class=\"has-text-align-center\"><a href=\"https:\/\/maps.app.goo.gl\/nfkH16MCgqcb1EKv6\">https:\/\/maps.app.goo.gl\/nfkH16MCgqcb1EKv6<\/a><\/p>\n<\/div>\n\n\n\n<div class=\"wp-block-column is-layout-flow wp-container-core-column-is-layout-e3d1c41b wp-block-column-is-layout-flow\">\n<h3 class=\"wp-block-heading has-text-align-center is-style-asterisk has-body-font-family has-medium-font-size\" style=\"font-style:normal;font-weight:600\">RESTAURANT RANTAKERTTU TURKU<\/h3>\n\n\n\n<p class=\"has-text-align-center\">PARGAS\/\u00c5BO\/PARGAS BY CAR ROUTE 180<\/p>\n\n\n\n<p class=\"has-text-align-center\"><a href=\"https:\/\/maps.app.goo.gl\/srDHN4eu6KsLE8dXA\">https:\/\/maps.app.goo.gl\/srDHN4eu6KsLE8dXA<\/a><\/p>\n<\/div>\n<\/div>\n<\/div>\n\n\n\n<div class=\"wp-block-group alignfull has-global-padding is-layout-constrained wp-container-core-group-is-layout-d89aad35 wp-block-group-is-layout-constrained\" style=\"margin-top:0;margin-bottom:0;padding-top:var(--wp--preset--spacing--50);padding-right:var(--wp--preset--spacing--50);padding-bottom:var(--wp--preset--spacing--50);padding-left:var(--wp--preset--spacing--50)\">\n<div class=\"wp-block-group alignwide has-global-padding is-layout-constrained wp-container-core-group-is-layout-19e250f3 wp-block-group-is-layout-constrained\">\n<div class=\"wp-block-group is-vertical is-content-justification-center is-layout-flex wp-container-core-group-is-layout-6329a8f3 wp-block-group-is-layout-flex\">\n<h2 class=\"wp-block-heading has-text-align-center is-style-asterisk\">More info<\/h2>\n\n\n\n<p class=\"has-text-align-center\">Here you will learn a bit more about the venues.<\/p>\n\n\n\n<div style=\"height:0px\" aria-hidden=\"true\" class=\"wp-block-spacer wp-container-content-9d1f8957\"><\/div>\n<\/div>\n\n\n\n<div class=\"wp-block-columns alignwide is-layout-flex wp-container-core-columns-is-layout-d1c656ed wp-block-columns-is-layout-flex\">\n<div class=\"wp-block-column is-vertically-aligned-center is-layout-flow wp-block-column-is-layout-flow\" style=\"flex-basis:40%\">\n<h3 class=\"wp-block-heading has-text-align-center is-style-asterisk\">PIUG KULTURSAL PARGAS<\/h3>\n\n\n\n<ul style=\"line-height:1.75\" class=\"is-style-checkmark-list wp-block-list\">\n<li>Concert, theater, cinema, conference and meeting hall.<\/li>\n\n\n\n<li>Grandstand with 164 fixed seats + 12 additional seats.<\/li>\n\n\n\n<li>Without the stand, the hall can accommodate 250 people.<\/li>\n\n\n\n<li>The maximum number of people in the hall is 250 (audience, technicians and artists in total).<\/li>\n<\/ul>\n<\/div>\n\n\n\n<div class=\"wp-block-column is-layout-flow wp-block-column-is-layout-flow\" style=\"flex-basis:50%\">\n<figure class=\"wp-block-image size-full is-resized\"><img loading=\"lazy\" decoding=\"async\" width=\"275\" height=\"183\" src=\"http:\/\/2024.bossajazzfestival.com\/wp-content\/uploads\/2024\/06\/image-13.png\" alt=\"\" class=\"wp-image-213\" style=\"width:420px;height:auto\"\/><figcaption class=\"wp-element-caption\">PIUG KULTURSAL<\/figcaption><\/figure>\n<\/div>\n<\/div>\n\n\n\n<div style=\"height:var(--wp--preset--spacing--40)\" aria-hidden=\"true\" class=\"wp-block-spacer\"><\/div>\n\n\n\n<div class=\"wp-block-columns alignwide is-layout-flex wp-container-core-columns-is-layout-d1c656ed wp-block-columns-is-layout-flex\">\n<div class=\"wp-block-column is-layout-flow wp-block-column-is-layout-flow\" style=\"flex-basis:50%\">\n<figure class=\"wp-block-image size-full\"><img loading=\"lazy\" decoding=\"async\" width=\"640\" height=\"427\" src=\"http:\/\/2024.bossajazzfestival.com\/wp-content\/uploads\/2024\/06\/image-8.png\" alt=\"\" class=\"wp-image-203\" srcset=\"https:\/\/2024.bossajazzfestival.com\/wp-content\/uploads\/2024\/06\/image-8.png 640w, https:\/\/2024.bossajazzfestival.com\/wp-content\/uploads\/2024\/06\/image-8-300x200.png 300w\" sizes=\"auto, (max-width: 640px) 100vw, 640px\" \/><\/figure>\n\n\n\n<figure class=\"wp-block-image size-large\"><img loading=\"lazy\" decoding=\"async\" width=\"1024\" height=\"574\" src=\"http:\/\/2024.bossajazzfestival.com\/wp-content\/uploads\/2024\/06\/image-14-1024x574.png\" alt=\"\" class=\"wp-image-217\" srcset=\"https:\/\/2024.bossajazzfestival.com\/wp-content\/uploads\/2024\/06\/image-14-1024x574.png 1024w, https:\/\/2024.bossajazzfestival.com\/wp-content\/uploads\/2024\/06\/image-14-300x168.png 300w, https:\/\/2024.bossajazzfestival.com\/wp-content\/uploads\/2024\/06\/image-14-768x430.png 768w, https:\/\/2024.bossajazzfestival.com\/wp-content\/uploads\/2024\/06\/image-14.png 1280w\" sizes=\"auto, (max-width: 1024px) 100vw, 1024px\" \/><figcaption class=\"wp-element-caption\">RANTAKERTTU<\/figcaption><\/figure>\n<\/div>\n\n\n\n<div class=\"wp-block-column is-vertically-aligned-center is-layout-flow wp-block-column-is-layout-flow\" style=\"flex-basis:40%\">\n<h3 class=\"wp-block-heading has-text-align-center is-style-asterisk\">RESTAURANT RANTAKERTTU TURKU<\/h3>\n\n\n\n<ul style=\"line-height:1.75\" class=\"is-style-checkmark-list wp-block-list\">\n<li>RantaKerttu is a neighborhood restaurant located next to F\u00f6ri, where you can spend a long time comfortably. Both lonely hungry people and those who eat with the whole family are welcome.<\/li>\n\n\n\n<li>On weekdays, one of the city&#8217;s most versatile lunch tables is available, and for dinner, for example, addictively good pizza.<\/li>\n\n\n\n<li>The service is warm all year round. The large terrace offers a playground for the little ones in the family in the summer and a perfect setting for open-air concerts.<\/li>\n\n\n\n<li>In the sauna facilities, on the other hand, even a bigger groups can relax.<\/li>\n<\/ul>\n<\/div>\n<\/div>\n<\/div>\n<\/div>\n\n\n\n<div class=\"wp-block-group alignfull has-base-color has-contrast-background-color has-text-color has-background has-global-padding is-layout-constrained wp-container-core-group-is-layout-ef3d885c wp-block-group-is-layout-constrained\" style=\"margin-top:0;margin-bottom:0;padding-top:var(--wp--preset--spacing--60);padding-right:var(--wp--preset--spacing--60);padding-bottom:var(--wp--preset--spacing--60);padding-left:var(--wp--preset--spacing--60)\">\n<div class=\"wp-block-group has-global-padding is-layout-constrained wp-block-group-is-layout-constrained\">\n<p class=\"has-text-align-center has-base-color has-text-color has-heading-font-family has-x-large-font-size\" style=\"line-height:1.2\"><em> <em>\u201cI invite you to join me in exploring the rich and vibrant Afro-Brazilian and Nordic cultures, and together, let us build a bridge for future generations to come\u201d<\/em><\/em><\/p>\n\n\n\n<div style=\"height:var(--wp--preset--spacing--10)\" aria-hidden=\"true\" class=\"wp-block-spacer\"><\/div>\n\n\n\n<div class=\"wp-block-group is-vertical is-content-justification-center is-nowrap is-layout-flex wp-container-core-group-is-layout-2dc08cea wp-block-group-is-layout-flex\">\n<p class=\"has-text-align-center\" style=\"margin-top:var(--wp--preset--spacing--10);margin-bottom:0\">Komi Gassou<\/p>\n\n\n\n<p class=\"has-text-align-center has-contrast-3-color has-text-color has-small-font-size\" style=\"font-style:normal;font-weight:300\">BOSSAJAZZFESTIVAL ORGANIZER<\/p>\n<\/div>\n<\/div>\n<\/div>\n\n\n\n<div class=\"wp-block-group alignfull has-global-padding is-layout-constrained wp-container-core-group-is-layout-d89aad35 wp-block-group-is-layout-constrained\" style=\"margin-top:0;margin-bottom:0;padding-top:var(--wp--preset--spacing--50);padding-right:var(--wp--preset--spacing--50);padding-bottom:var(--wp--preset--spacing--50);padding-left:var(--wp--preset--spacing--50)\">\n<div class=\"wp-block-group alignwide has-global-padding is-layout-constrained wp-block-group-is-layout-constrained\">\n<div class=\"wp-block-query alignwide is-layout-flow wp-block-query-is-layout-flow\">\n\n\n<div style=\"height:var(--wp--preset--spacing--30)\" aria-hidden=\"true\" class=\"wp-block-spacer\"><\/div>\n\n\n<\/div>\n<\/div>\n<\/div>\n\n\n\n<div class=\"wp-block-group alignfull has-global-padding is-layout-constrained wp-container-core-group-is-layout-d89aad35 wp-block-group-is-layout-constrained\" style=\"margin-top:0;margin-bottom:0;padding-top:var(--wp--preset--spacing--50);padding-right:var(--wp--preset--spacing--50);padding-bottom:var(--wp--preset--spacing--50);padding-left:var(--wp--preset--spacing--50)\"><\/div>\n","protected":false},"excerpt":{"rendered":"<p>ABOUT THE VENUES PARGAS 03.08.2024 BOSSAJAZZFESTIVAL in PIUG KULTURSAL, Skolm\u00e4stargatan 5, 21600 TURKU 04.8.2024 BOSSAJAZZBRUNCH in RESTAURANT RANTAKERTTU, L\u00e4ntinen Rantakatu 55, 20100 How to get there: \u00c5BO\/PARGAS\/\u00c5BO BUS 801 https:\/\/maps.app.goo.gl\/J4JGoGUzwjekTBqMA \u00c5BO\/PARGAS\/\u00c5BO BY CAR ROUTE 180 https:\/\/maps.app.goo.gl\/nfkH16MCgqcb1EKv6 PIUG KULTURSAL PARGAS \u00c5BO\/PARGAS\/\u00c5BO BUS 801 https:\/\/maps.app.goo.gl\/J4JGoGUzwjekTBqMA \u00c5BO\/PARGAS\/\u00c5BO BY CAR ROUTE 180 https:\/\/maps.app.goo.gl\/nfkH16MCgqcb1EKv6 RESTAURANT RANTAKERTTU TURKU PARGAS\/\u00c5BO\/PARGAS BY CAR [&hellip;]<\/p>\n","protected":false},"author":1,"featured_media":0,"parent":0,"menu_order":0,"comment_status":"closed","ping_status":"closed","template":"","meta":{"footnotes":""},"class_list":["post-195","page","type-page","status-publish","hentry"],"_links":{"self":[{"href":"https:\/\/2024.bossajazzfestival.com\/index.php?rest_route=\/wp\/v2\/pages\/195","targetHints":{"allow":["GET"]}}],"collection":[{"href":"https:\/\/2024.bossajazzfestival.com\/index.php?rest_route=\/wp\/v2\/pages"}],"about":[{"href":"https:\/\/2024.bossajazzfestival.com\/index.php?rest_route=\/wp\/v2\/types\/page"}],"author":[{"embeddable":true,"href":"https:\/\/2024.bossajazzfestival.com\/index.php?rest_route=\/wp\/v2\/users\/1"}],"replies":[{"embeddable":true,"href":"https:\/\/2024.bossajazzfestival.com\/index.php?rest_route=%2Fwp%2Fv2%2Fcomments&post=195"}],"version-history":[{"count":23,"href":"https:\/\/2024.bossajazzfestival.com\/index.php?rest_route=\/wp\/v2\/pages\/195\/revisions"}],"predecessor-version":[{"id":266,"href":"https:\/\/2024.bossajazzfestival.com\/index.php?rest_route=\/wp\/v2\/pages\/195\/revisions\/266"}],"wp:attachment":[{"href":"https:\/\/2024.bossajazzfestival.com\/index.php?rest_route=%2Fwp%2Fv2%2Fmedia&parent=195"}],"curies":[{"name":"wp","href":"https:\/\/api.w.org\/{rel}","templated":true}]}}